{"id":2,"date":"2016-05-10T03:48:21","date_gmt":"2016-05-10T03:48:21","guid":{"rendered":"http:\/\/lyrikfenster.de\/?page_id=2"},"modified":"2023-11-18T08:15:02","modified_gmt":"2023-11-18T08:15:02","slug":"sample-page","status":"publish","type":"page","link":"http:\/\/lyrikfenster.de\/?page_id=2","title":{"rendered":"Ver\u00f6ffentlichungen"},"content":{"rendered":"<p>Regelm\u00e4\u00dfig ver\u00f6ffentliche ich Gedichte auf der Seite\u00a0<a href=\"http:\/\/www.gottessprache.de\"> www.gottessprache.de<\/a><\/p>\n<p style=\"text-align: left;\">Einige meiner Gedichte sind in Anthologien des Verlags am Eschbach erschienen. Die B\u00fccher sind im Buchhandel erh\u00e4ltlich oder unter:<\/p>\n<p style=\"text-align: left;\"><a href=\"http:\/\/www.verlag-am-eschbach.de\">www.verlag-am-eschbach.de<\/a><\/p>\n<p>\u00a0<\/p>\n<p>Christine Ruppert, <strong>Im Februar, Kerngeh\u00e4useexistenz, Versprechen, <\/strong><strong>Fr\u00fchlingstrost, Zwischen, Barbara. <\/strong>In: Jeden Augenblick vertrauen. Zuversicht f\u00fcr alle Tage. Hg.v. Kathrin Clausing, Verlag am Eschbach, 2023.<\/p>\n<p><img loading=\"lazy\" decoding=\"async\" class=\"alignnone size-medium wp-image-1049\" src=\"http:\/\/lyrikfenster.de\/wp-content\/uploads\/2023\/11\/P1110492-1-225x300.jpg\" alt=\"\" width=\"225\" height=\"300\" srcset=\"http:\/\/lyrikfenster.de\/wp-content\/uploads\/2023\/11\/P1110492-1-225x300.jpg 225w, http:\/\/lyrikfenster.de\/wp-content\/uploads\/2023\/11\/P1110492-1-768x1024.jpg 768w, http:\/\/lyrikfenster.de\/wp-content\/uploads\/2023\/11\/P1110492-1-1152x1536.jpg 1152w, http:\/\/lyrikfenster.de\/wp-content\/uploads\/2023\/11\/P1110492-1-1536x2048.jpg 1536w, http:\/\/lyrikfenster.de\/wp-content\/uploads\/2023\/11\/P1110492-1-scaled.jpg 1920w\" sizes=\"auto, (max-width: 225px) 100vw, 225px\" \/><\/p>\n<p>Christine Ruppert, <strong>Siehe ich verk\u00fcndige euch gro\u00dfe Freude<\/strong>. In: In den Herzen ein Licht. Weihnachtliche Inspirationen. Hg.v. Ulrich Sander, Verlag am Eschbach, 2022.<\/p>\n<p><img loading=\"lazy\" decoding=\"async\" class=\"alignnone size-medium wp-image-937\" src=\"http:\/\/lyrikfenster.de\/wp-content\/uploads\/2022\/10\/P1110080-scaled-e1666887761368-225x300.jpg\" alt=\"\" width=\"225\" height=\"300\" srcset=\"http:\/\/lyrikfenster.de\/wp-content\/uploads\/2022\/10\/P1110080-scaled-e1666887761368-225x300.jpg 225w, http:\/\/lyrikfenster.de\/wp-content\/uploads\/2022\/10\/P1110080-scaled-e1666887761368-768x1024.jpg 768w, http:\/\/lyrikfenster.de\/wp-content\/uploads\/2022\/10\/P1110080-scaled-e1666887761368-1152x1536.jpg 1152w, http:\/\/lyrikfenster.de\/wp-content\/uploads\/2022\/10\/P1110080-scaled-e1666887761368-1536x2048.jpg 1536w, http:\/\/lyrikfenster.de\/wp-content\/uploads\/2022\/10\/P1110080-scaled-e1666887761368.jpg 1920w\" sizes=\"auto, (max-width: 225px) 100vw, 225px\" \/><\/p>\n<p>Christine Ruppert, <strong>Zauberformel gegen Entmutigung<\/strong>. In: Was dir Kraft schenkt. Hg.v. Kathrin Clausing, Verlag am Eschbach, 2022.<\/p>\n<p><img loading=\"lazy\" decoding=\"async\" class=\"alignnone size-medium wp-image-936\" src=\"http:\/\/lyrikfenster.de\/wp-content\/uploads\/2022\/10\/P1110078-scaled-e1666887778866-225x300.jpg\" alt=\"\" width=\"225\" height=\"300\" srcset=\"http:\/\/lyrikfenster.de\/wp-content\/uploads\/2022\/10\/P1110078-scaled-e1666887778866-225x300.jpg 225w, http:\/\/lyrikfenster.de\/wp-content\/uploads\/2022\/10\/P1110078-scaled-e1666887778866-768x1024.jpg 768w, http:\/\/lyrikfenster.de\/wp-content\/uploads\/2022\/10\/P1110078-scaled-e1666887778866-1152x1536.jpg 1152w, http:\/\/lyrikfenster.de\/wp-content\/uploads\/2022\/10\/P1110078-scaled-e1666887778866-1536x2048.jpg 1536w, http:\/\/lyrikfenster.de\/wp-content\/uploads\/2022\/10\/P1110078-scaled-e1666887778866.jpg 1920w\" sizes=\"auto, (max-width: 225px) 100vw, 225px\" \/><\/p>\n<p>Christine Ruppert, <strong>Hoffnung<\/strong>. In: Ein Sonnenstrahl f\u00fcr dunkle Tage. Lichtvolle W\u00fcnsche und Gedanken. Hg.v. Kathrin Clausing, Verlag am Eschbach, 2022.<\/p>\n<p><img loading=\"lazy\" decoding=\"async\" class=\"alignnone size-medium wp-image-930\" src=\"http:\/\/lyrikfenster.de\/wp-content\/uploads\/2022\/10\/P1110079-edited-225x300.jpg\" alt=\"\" width=\"225\" height=\"300\" srcset=\"http:\/\/lyrikfenster.de\/wp-content\/uploads\/2022\/10\/P1110079-edited-225x300.jpg 225w, http:\/\/lyrikfenster.de\/wp-content\/uploads\/2022\/10\/P1110079-edited-768x1024.jpg 768w, http:\/\/lyrikfenster.de\/wp-content\/uploads\/2022\/10\/P1110079-edited-1152x1536.jpg 1152w, http:\/\/lyrikfenster.de\/wp-content\/uploads\/2022\/10\/P1110079-edited-1536x2048.jpg 1536w, http:\/\/lyrikfenster.de\/wp-content\/uploads\/2022\/10\/P1110079-edited-scaled.jpg 1920w\" sizes=\"auto, (max-width: 225px) 100vw, 225px\" \/><\/p>\n<p>Christine Ruppert, <strong>Schau nicht nach unten<\/strong>. In: Morgen ist ein neuer Tag. Hg.v. Kathrin Clausing, Verlag am Eschbach, 2020.<\/p>\n<p><img loading=\"lazy\" decoding=\"async\" class=\"alignnone size-medium wp-image-450\" src=\"http:\/\/lyrikfenster.de\/wp-content\/uploads\/2020\/08\/Neuerscheinung-2020_08-225x300.jpg\" alt=\"\" width=\"225\" height=\"300\" srcset=\"http:\/\/lyrikfenster.de\/wp-content\/uploads\/2020\/08\/Neuerscheinung-2020_08-225x300.jpg 225w, http:\/\/lyrikfenster.de\/wp-content\/uploads\/2020\/08\/Neuerscheinung-2020_08-768x1024.jpg 768w, http:\/\/lyrikfenster.de\/wp-content\/uploads\/2020\/08\/Neuerscheinung-2020_08-1152x1536.jpg 1152w, http:\/\/lyrikfenster.de\/wp-content\/uploads\/2020\/08\/Neuerscheinung-2020_08-1536x2048.jpg 1536w, http:\/\/lyrikfenster.de\/wp-content\/uploads\/2020\/08\/Neuerscheinung-2020_08-scaled.jpg 1920w\" sizes=\"auto, (max-width: 225px) 100vw, 225px\" \/><\/p>\n<p>Christine Ruppert, <strong>Luftk\u00fcnstler, Verirrt, Barbara, Siehe ich verk\u00fcndige euch gro\u00dfe Freude.<br \/><\/strong> In: Bunt wie ein Vogel. Lebensfrohe Gedanken f\u00fcr jeden Tag des Jahres. Hg. v. Rainer Haak, Verlag am Eschbach, 2019.<\/p>\n<p><img loading=\"lazy\" decoding=\"async\" class=\"size-medium wp-image-318\" src=\"http:\/\/lyrikfenster.de\/wp-content\/uploads\/2019\/09\/P1100664-e1567527024514-225x300.jpg\" alt=\"\" width=\"225\" height=\"300\" srcset=\"http:\/\/lyrikfenster.de\/wp-content\/uploads\/2019\/09\/P1100664-e1567527024514-225x300.jpg 225w, http:\/\/lyrikfenster.de\/wp-content\/uploads\/2019\/09\/P1100664-e1567527024514-768x1024.jpg 768w\" sizes=\"auto, (max-width: 225px) 100vw, 225px\" \/><\/p>\n<p>Christine Ruppert, <strong>Zauberformel gegen Entmutigung <\/strong><br \/>In: Wenn das Leben in die Jahre kommt. Gedanken und W\u00fcnsche f\u00fcr die zweite Lebensh\u00e4lfte. Hg. v. Claudia Peters, Verlag am Eschbach, 2019.<\/p>\n<p><img loading=\"lazy\" decoding=\"async\" class=\"alignnone size-medium wp-image-321\" src=\"http:\/\/lyrikfenster.de\/wp-content\/uploads\/2019\/09\/P1100668-e1567527276490-225x300.jpg\" alt=\"\" width=\"225\" height=\"300\" srcset=\"http:\/\/lyrikfenster.de\/wp-content\/uploads\/2019\/09\/P1100668-e1567527276490-225x300.jpg 225w, http:\/\/lyrikfenster.de\/wp-content\/uploads\/2019\/09\/P1100668-e1567527276490-768x1024.jpg 768w\" sizes=\"auto, (max-width: 225px) 100vw, 225px\" \/><\/p>\n<p>Christine Ruppert, <strong>Wunder <\/strong><br \/>In: Dem Wunder leise begegnen. Geschichten die Mut machen. Hg.v. Margarete C. Scheuvens, Verlag am Eschbach, 2019.<\/p>\n<p><img loading=\"lazy\" decoding=\"async\" class=\"alignnone size-medium wp-image-320\" src=\"http:\/\/lyrikfenster.de\/wp-content\/uploads\/2019\/09\/P1100667-e1567527213489-225x300.jpg\" alt=\"\" width=\"225\" height=\"300\" srcset=\"http:\/\/lyrikfenster.de\/wp-content\/uploads\/2019\/09\/P1100667-e1567527213489-225x300.jpg 225w, http:\/\/lyrikfenster.de\/wp-content\/uploads\/2019\/09\/P1100667-e1567527213489-768x1024.jpg 768w\" sizes=\"auto, (max-width: 225px) 100vw, 225px\" \/><\/p>\n<p>Christine Ruppert<strong>,\u00a0 Wunder<br \/><\/strong>In: Hoffnungslichter. Hg. v. Kathrin Clausing, Verlag am Eschbach, 2019.<\/p>\n<p><img loading=\"lazy\" decoding=\"async\" class=\"alignnone size-medium wp-image-282\" src=\"http:\/\/lyrikfenster.de\/wp-content\/uploads\/2019\/06\/P1100526-e1561891174336-225x300.jpg\" alt=\"\" width=\"225\" height=\"300\" srcset=\"http:\/\/lyrikfenster.de\/wp-content\/uploads\/2019\/06\/P1100526-e1561891174336-225x300.jpg 225w, http:\/\/lyrikfenster.de\/wp-content\/uploads\/2019\/06\/P1100526-e1561891174336-768x1024.jpg 768w\" sizes=\"auto, (max-width: 225px) 100vw, 225px\" \/><\/p>\n<p>Christine Ruppert, <strong>Weise aus dem Morgenland<br data-rich-text-line-break=\"true\" \/><\/strong>In: Wenn die Nacht von innen leuchtet. Eschbacher Adventskalender, 2018.<\/p>\n<p><img loading=\"lazy\" decoding=\"async\" class=\"alignnone size-medium wp-image-61\" src=\"http:\/\/lyrikfenster.de\/wp-content\/uploads\/2018\/09\/P1100180-300x225.jpg\" alt=\"\" width=\"300\" height=\"225\" srcset=\"http:\/\/lyrikfenster.de\/wp-content\/uploads\/2018\/09\/P1100180-300x225.jpg 300w, http:\/\/lyrikfenster.de\/wp-content\/uploads\/2018\/09\/P1100180-768x576.jpg 768w, http:\/\/lyrikfenster.de\/wp-content\/uploads\/2018\/09\/P1100180-1024x768.jpg 1024w\" sizes=\"auto, (max-width: 300px) 100vw, 300px\" \/><\/p>\n<p>Christine Ruppert, <strong>Hoffnung<\/strong>.<br \/>In: Ein Licht f\u00fcr jeden Augenblick. Worte wie Sternef\u00fcr jeden Tag des Jahres. Hg. von Kathrin Clausing, Verlag am Eschbach, 2018.<\/p>\n<p><img loading=\"lazy\" decoding=\"async\" class=\"alignnone size-medium wp-image-59\" src=\"http:\/\/lyrikfenster.de\/wp-content\/uploads\/2018\/09\/P1100176-e1536760875140-225x300.jpg\" alt=\"\" width=\"225\" height=\"300\" srcset=\"http:\/\/lyrikfenster.de\/wp-content\/uploads\/2018\/09\/P1100176-e1536760875140-225x300.jpg 225w, http:\/\/lyrikfenster.de\/wp-content\/uploads\/2018\/09\/P1100176-e1536760875140-768x1024.jpg 768w\" sizes=\"auto, (max-width: 225px) 100vw, 225px\" \/><\/p>\n<p>Christine Ruppert, <strong>M\u00e4rz<\/strong>.<br \/>In: Waldgefl\u00fcster. Die Weisheit der B\u00e4ume vomWachsen und Wurzeln. Hg.von Ilka Osenberg-vanVugt und J\u00f6rn Sackemann. Verlag am Eschbach, 2017.<\/p>\n<p><img loading=\"lazy\" decoding=\"async\" class=\"alignnone size-medium wp-image-62\" src=\"http:\/\/lyrikfenster.de\/wp-content\/uploads\/2018\/09\/P1100182-e1536760959547-225x300.jpg\" alt=\"\" width=\"225\" height=\"300\" srcset=\"http:\/\/lyrikfenster.de\/wp-content\/uploads\/2018\/09\/P1100182-e1536760959547-225x300.jpg 225w, http:\/\/lyrikfenster.de\/wp-content\/uploads\/2018\/09\/P1100182-e1536760959547-768x1024.jpg 768w\" sizes=\"auto, (max-width: 225px) 100vw, 225px\" \/><\/p>\n<p>Christine Ruppert, <strong>Ermutigungswunsch<\/strong>.<br \/>In: Das tut so gut! Eine Seelenapotheke. Hg. von Ilka Osenberg-van Vugt.<br \/>Verlag am Eschbach, 2015.<\/p>\n<p><img loading=\"lazy\" decoding=\"async\" class=\"alignnone size-medium wp-image-60\" src=\"http:\/\/lyrikfenster.de\/wp-content\/uploads\/2018\/09\/P1100178-e1536760760323-225x300.jpg\" alt=\"\" width=\"225\" height=\"300\" srcset=\"http:\/\/lyrikfenster.de\/wp-content\/uploads\/2018\/09\/P1100178-e1536760760323-225x300.jpg 225w, http:\/\/lyrikfenster.de\/wp-content\/uploads\/2018\/09\/P1100178-e1536760760323-768x1024.jpg 768w\" sizes=\"auto, (max-width: 225px) 100vw, 225px\" \/><\/p>\n<p><strong>\u00a0<\/strong><\/p>\n\n\n<p> <\/p>\n","protected":false},"excerpt":{"rendered":"<p>Regelm\u00e4\u00dfig ver\u00f6ffentliche ich Gedichte auf der Seite\u00a0 www.gottessprache.de Einige meiner Gedichte sind in Anthologien des Verlags am Eschbach erschienen. Die B\u00fccher sind im Buchhandel erh\u00e4ltlich oder unter: www.verlag-am-eschbach.de \u00a0 Christine Ruppert, Im Februar, Kerngeh\u00e4useexistenz, Versprechen, Fr\u00fchlingstrost, Zwischen, Barbara. In: Jeden Augenblick vertrauen. Zuversicht f\u00fcr alle Tage. Hg.v. Kathrin Clausing, Verlag am Eschbach, 2023. Christine Ruppert, &hellip; <\/p>\n<p class=\"link-more\"><a href=\"http:\/\/lyrikfenster.de\/?page_id=2\" class=\"more-link\"><span class=\"screen-reader-text\">\u201eVer\u00f6ffentlichungen\u201c <\/span>weiterlesen<\/a><\/p>\n","protected":false},"author":1,"featured_media":0,"parent":0,"menu_order":0,"comment_status":"closed","ping_status":"open","template":"","meta":{"footnotes":""},"class_list":["post-2","page","type-page","status-publish","hentry"],"post_mailing_queue_ids":[],"_links":{"self":[{"href":"http:\/\/lyrikfenster.de\/index.php?rest_route=\/wp\/v2\/pages\/2","targetHints":{"allow":["GET"]}}],"collection":[{"href":"http:\/\/lyrikfenster.de\/index.php?rest_route=\/wp\/v2\/pages"}],"about":[{"href":"http:\/\/lyrikfenster.de\/index.php?rest_route=\/wp\/v2\/types\/page"}],"author":[{"embeddable":true,"href":"http:\/\/lyrikfenster.de\/index.php?rest_route=\/wp\/v2\/users\/1"}],"replies":[{"embeddable":true,"href":"http:\/\/lyrikfenster.de\/index.php?rest_route=%2Fwp%2Fv2%2Fcomments&post=2"}],"version-history":[{"count":18,"href":"http:\/\/lyrikfenster.de\/index.php?rest_route=\/wp\/v2\/pages\/2\/revisions"}],"predecessor-version":[{"id":1056,"href":"http:\/\/lyrikfenster.de\/index.php?rest_route=\/wp\/v2\/pages\/2\/revisions\/1056"}],"wp:attachment":[{"href":"http:\/\/lyrikfenster.de\/index.php?rest_route=%2Fwp%2Fv2%2Fmedia&parent=2"}],"curies":[{"name":"wp","href":"https:\/\/api.w.org\/{rel}","templated":true}]}}